{"id":100898,"date":"2022-08-11T08:21:41","date_gmt":"2022-08-11T12:21:41","guid":{"rendered":"https:\/\/rsc.diskdaddy.com\/ce-que-nous-faisons\/traitement-securise\/"},"modified":"2022-09-21T13:37:44","modified_gmt":"2022-09-21T17:37:44","slug":"traitement-securise","status":"publish","type":"page","link":"https:\/\/www.robertssmartcentre.com\/fr\/ce-que-nous-faisons\/traitement-securise\/","title":{"rendered":"Traitement s\u00e9curis\u00e9"},"content":{"rendered":"<p>[et_pb_section fb_built=\u00a0\u00bb1&Prime; fullwidth=\u00a0\u00bbon\u00a0\u00bb admin_label=\u00a0\u00bbInterior Hero\u00a0\u00bb module_class=\u00a0\u00bbsfly_interior_hero_1 sfly_marketing\u00a0\u00bb _builder_version=\u00a0\u00bb4.18.0&Prime; background_color=\u00a0\u00bb#302f70&Prime; saved_tabs=\u00a0\u00bball\u00a0\u00bb locked=\u00a0\u00bboff\u00a0\u00bb global_colors_info=\u00a0\u00bb{}\u00a0\u00bb][et_pb_fullwidth_header title=\u00a0\u00bbtraitement en milieu ferm\u00e9\u00a0\u00bb subhead=\u00a0\u00bbTraitement  exceptionnels, s\u00e9curit\u00e9 et \u00e9ducation dans un environnement s\u00e9curis\u00e9, solidaire et accueillant.\u00a0\u00bb text_orientation=\u00a0\u00bbcenter\u00a0\u00bb module_class=\u00a0\u00bbsfly_fullwidth_header\u00a0\u00bb _builder_version=\u00a0\u00bb4.18.0&Prime; title_font=\u00a0\u00bb|700|||||||\u00a0\u00bb title_font_size=\u00a0\u00bb48px\u00a0\u00bb content_font=\u00a0\u00bb||||||||\u00a0\u00bb content_font_size=\u00a0\u00bb18px\u00a0\u00bb subhead_font=\u00a0\u00bb||||||||\u00a0\u00bb subhead_font_size=\u00a0\u00bb19px\u00a0\u00bb background_color=\u00a0\u00bb#302f70&Prime; background_enable_image=\u00a0\u00bboff\u00a0\u00bb background_position=\u00a0\u00bbbottom_left\u00a0\u00bb custom_button_one=\u00a0\u00bbon\u00a0\u00bb button_one_text_color=\u00a0\u00bb#000000&Prime; button_one_bg_color=\u00a0\u00bb#ffffff\u00a0\u00bb button_one_border_color=\u00a0\u00bb#ffffff\u00a0\u00bb button_one_font=\u00a0\u00bb|700|||||||\u00a0\u00bb button_one_use_icon=\u00a0\u00bboff\u00a0\u00bb custom_button_two=\u00a0\u00bbon\u00a0\u00bb button_two_font=\u00a0\u00bb|700|||||||\u00a0\u00bb button_two_use_icon=\u00a0\u00bboff\u00a0\u00bb custom_padding=\u00a0\u00bb15px||36px||false|false\u00a0\u00bb animation_style=\u00a0\u00bbfade\u00a0\u00bb title_font_size_tablet=\u00a0\u00bb36px\u00a0\u00bb title_font_size_phone=\u00a0\u00bb24px\u00a0\u00bb title_font_size_last_edited=\u00a0\u00bbon|desktop\u00a0\u00bb button_one_text_color_hover=\u00a0\u00bb#ffffff\u00a0\u00bb button_two_text_color_hover=\u00a0\u00bb#ffffff\u00a0\u00bb button_one_border_color_hover=\u00a0\u00bb#ffffff\u00a0\u00bb button_two_border_color_hover=\u00a0\u00bb#ffffff\u00a0\u00bb button_one_bg_color_hover=\u00a0\u00bbrgba(255,255,255,0)\u00a0\u00bb button_two_bg_color_hover=\u00a0\u00bbrgba(0,0,0,0)\u00a0\u00bb global_colors_info=\u00a0\u00bb{}\u00a0\u00bb button_one_text_size__hover_enabled=\u00a0\u00bboff\u00a0\u00bb button_two_text_size__hover_enabled=\u00a0\u00bboff\u00a0\u00bb button_one_text_color__hover_enabled=\u00a0\u00bbon\u00a0\u00bb button_one_text_color__hover=\u00a0\u00bb#ffffff\u00a0\u00bb button_two_text_color__hover_enabled=\u00a0\u00bbon\u00a0\u00bb button_two_text_color__hover=\u00a0\u00bb#ffffff\u00a0\u00bb button_one_border_width__hover_enabled=\u00a0\u00bboff\u00a0\u00bb button_two_border_width__hover_enabled=\u00a0\u00bboff\u00a0\u00bb button_one_border_color__hover_enabled=\u00a0\u00bbon\u00a0\u00bb button_one_border_color__hover=\u00a0\u00bb#ffffff\u00a0\u00bb button_two_border_color__hover_enabled=\u00a0\u00bbon\u00a0\u00bb button_two_border_color__hover=\u00a0\u00bb#ffffff\u00a0\u00bb button_one_border_radius__hover_enabled=\u00a0\u00bboff\u00a0\u00bb button_two_border_radius__hover_enabled=\u00a0\u00bboff\u00a0\u00bb button_one_letter_spacing__hover_enabled=\u00a0\u00bboff\u00a0\u00bb button_two_letter_spacing__hover_enabled=\u00a0\u00bboff\u00a0\u00bb button_one_bg_color__hover_enabled=\u00a0\u00bbon\u00a0\u00bb button_one_bg_color__hover=\u00a0\u00bbrgba(255,255,255,0)\u00a0\u00bb button_two_bg_color__hover_enabled=\u00a0\u00bbon\u00a0\u00bb button_two_bg_color__hover=\u00a0\u00bbrgba(0,0,0,0)\u00a0\u00bb][\/et_pb_fullwidth_header][\/et_pb_section][et_pb_section fb_built=\u00a0\u00bb1&Prime; admin_label=\u00a0\u00bbFeature 10&Prime; module_class=\u00a0\u00bbsfly_feature sfly_feature_10&Prime; _builder_version=\u00a0\u00bb4.18.0&Prime; background_enable_color=\u00a0\u00bboff\u00a0\u00bb custom_padding=\u00a0\u00bb0px||0px|||\u00a0\u00bb locked=\u00a0\u00bboff\u00a0\u00bb global_colors_info=\u00a0\u00bb{}\u00a0\u00bb][et_pb_row _builder_version=\u00a0\u00bb4.17.6&Prime; _module_preset=\u00a0\u00bbdefault\u00a0\u00bb custom_padding=\u00a0\u00bb4px||0px|||\u00a0\u00bb global_colors_info=\u00a0\u00bb{}\u00a0\u00bb][et_pb_column type=\u00a0\u00bb4_4&Prime; _builder_version=\u00a0\u00bb4.17.6&Prime; _module_preset=\u00a0\u00bbdefault\u00a0\u00bb global_colors_info=\u00a0\u00bb{}\u00a0\u00bb][et_pb_text _builder_version=\u00a0\u00bb4.18.0&Prime; _module_preset=\u00a0\u00bbdefault\u00a0\u00bb header_2_text_color=\u00a0\u00bb#000000&Prime; width=\u00a0\u00bb74%\u00a0\u00bb module_alignment=\u00a0\u00bbcenter\u00a0\u00bb custom_margin=\u00a0\u00bb||13px|||\u00a0\u00bb custom_padding=\u00a0\u00bb84px|||||\u00a0\u00bb global_colors_info=\u00a0\u00bb{}\u00a0\u00bb]<\/p>\n<h2 style=\"text-align: center;\"><strong>La vie au traitement en milieu ferm\u00e9<\/strong><\/h2>\n<p style=\"text-align: center;\">Notre programme de traitement en milieu ferm\u00e9 est une option de traitement intensif en r\u00e9sidence pour les jeunes de 12 \u00e0 18 ans aux prises avec des probl\u00e8mes complexes de sant\u00e9 mentale et de comportement, et<span> qui ont d\u00e9montr\u00e9 qu\u2019ils repr\u00e9sentent un danger pour eux-m\u00eames ou pour les autres.<\/span><\/p>\n<p style=\"text-align: center;\">L&rsquo;admission \u00e0 notre \u00e9tablissement \u00e0 Ottawa n\u00e9cessite une ordonnance du tribunal et est ouverte aux jeunes de partout en Ontario.<\/p>\n<p>[\/et_pb_text][\/et_pb_column][\/et_pb_row][et_pb_row column_structure=\u00a0\u00bb1_2,1_2&Prime; _builder_version=\u00a0\u00bb4.18.0&Prime; custom_margin=\u00a0\u00bb|auto|81px|auto||\u00a0\u00bb global_colors_info=\u00a0\u00bb{}\u00a0\u00bb][et_pb_column type=\u00a0\u00bb1_2&Prime; module_class=\u00a0\u00bbcolumn1&Prime; _builder_version=\u00a0\u00bb4.16&Prime; custom_padding=\u00a0\u00bb|||\u00a0\u00bb global_colors_info=\u00a0\u00bb{}\u00a0\u00bb custom_padding__hover=\u00a0\u00bb|||\u00a0\u00bb][et_pb_blurb title=\u00a0\u00bbassistance 24h\/24 et 7j\/7&Prime; use_icon=\u00a0\u00bbon\u00a0\u00bb font_icon=\u00a0\u00bb&#xe089;||divi||400&Prime; icon_color=\u00a0\u00bb#302f70&Prime; icon_placement=\u00a0\u00bbleft\u00a0\u00bb image_icon_width=\u00a0\u00bb48px\u00a0\u00bb _builder_version=\u00a0\u00bb4.18.0&Prime; header_font=\u00a0\u00bb|700|||||||\u00a0\u00bb header_text_color=\u00a0\u00bb#000000&Prime; body_text_color=\u00a0\u00bb#000000&Prime; custom_margin=\u00a0\u00bb||75px|\u00a0\u00bb header_font_size_tablet=\u00a0\u00bb\u00a0\u00bb header_font_size_phone=\u00a0\u00bb18px\u00a0\u00bb header_font_size_last_edited=\u00a0\u00bbon|phone\u00a0\u00bb icon_font_size=\u00a0\u00bb48px\u00a0\u00bb global_colors_info=\u00a0\u00bb{}\u00a0\u00bb]<\/p>\n<p>Le traitement en milieu ferm\u00e9 offre un traitement et des soins complets 24 heures sur 24 qui donnent la priorit\u00e9 aux besoins des jeunes. Parfois pour la premi\u00e8re fois de leur vie.<\/p>\n<p>[\/et_pb_blurb][et_pb_blurb title=\u00a0\u00bbSant\u00e9 et bien-\u00eatre\u00a0\u00bb use_icon=\u00a0\u00bbon\u00a0\u00bb font_icon=\u00a0\u00bb&#xf0f8;||fa||900&Prime; icon_color=\u00a0\u00bb#302f70&Prime; icon_placement=\u00a0\u00bbleft\u00a0\u00bb image_icon_width=\u00a0\u00bb48px\u00a0\u00bb _builder_version=\u00a0\u00bb4.18.0&Prime; header_font=\u00a0\u00bb|700|||||||\u00a0\u00bb header_text_color=\u00a0\u00bb#000000&Prime; body_text_color=\u00a0\u00bb#000000&Prime; custom_margin=\u00a0\u00bb||75px|\u00a0\u00bb icon_font_size=\u00a0\u00bb48px\u00a0\u00bb locked=\u00a0\u00bboff\u00a0\u00bb global_colors_info=\u00a0\u00bb{}\u00a0\u00bb]<\/p>\n<p>L&rsquo;\u00e9tablissement offre une salle de m\u00e9dicaments sur place, o\u00f9 les conseillers \u00e0 la jeunesse peuvent administrer des m\u00e9dicaments en toute s\u00e9curit\u00e9, et tenir des r\u00e9unions r\u00e9guli\u00e8rement avec les cliniciens.<\/p>\n<p>[\/et_pb_blurb][et_pb_blurb title=\u00a0\u00bbInstallation tout-en-un\u00a0\u00bb use_icon=\u00a0\u00bbon\u00a0\u00bb font_icon=\u00a0\u00bb&#xf015;||fa||900&Prime; icon_color=\u00a0\u00bb#302f70&Prime; icon_placement=\u00a0\u00bbleft\u00a0\u00bb image_icon_width=\u00a0\u00bb48px\u00a0\u00bb _builder_version=\u00a0\u00bb4.18.0&Prime; header_font=\u00a0\u00bb|700|||||||\u00a0\u00bb header_text_color=\u00a0\u00bb#000000&Prime; body_text_color=\u00a0\u00bb#000000&Prime; custom_margin=\u00a0\u00bb||6px|||\u00a0\u00bb icon_font_size=\u00a0\u00bb48px\u00a0\u00bb locked=\u00a0\u00bboff\u00a0\u00bb global_colors_info=\u00a0\u00bb{}\u00a0\u00bb]<\/p>\n<p>Les quartiers d&rsquo;habitation comprennent des chambres priv\u00e9es qui donnent sur une salle commune \u00e0 l&rsquo;\u00e9tage sup\u00e9rieur, une salle de r\u00e9union o\u00f9 les jeunes peuvent recevoir des visiteurs, une salle de m\u00e9dicaments, un gymnase pour les sports et activit\u00e9s int\u00e9rieures, un espace ext\u00e9rieur cl\u00f4tur\u00e9 et des salles de classe individuelles.<\/p>\n<p>[\/et_pb_blurb][\/et_pb_column][et_pb_column type=\u00a0\u00bb1_2&Prime; module_class=\u00a0\u00bbcolumn2&Prime; _builder_version=\u00a0\u00bb4.16&Prime; custom_padding=\u00a0\u00bb|||\u00a0\u00bb global_colors_info=\u00a0\u00bb{}\u00a0\u00bb custom_padding__hover=\u00a0\u00bb|||\u00a0\u00bb][et_pb_blurb title=\u00a0\u00bbMettre l&rsquo;accent sur l&rsquo;\u00e9ducation \u00a0\u00bb use_icon=\u00a0\u00bbon\u00a0\u00bb font_icon=\u00a0\u00bb&#xf02d;||fa||900&Prime; icon_color=\u00a0\u00bb#302f70&Prime; icon_placement=\u00a0\u00bbleft\u00a0\u00bb image_icon_width=\u00a0\u00bb48px\u00a0\u00bb _builder_version=\u00a0\u00bb4.18.0&Prime; header_font=\u00a0\u00bb|700|||||||\u00a0\u00bb header_text_color=\u00a0\u00bb#000000&Prime; body_text_color=\u00a0\u00bb#000000&Prime; custom_margin=\u00a0\u00bb||75px|\u00a0\u00bb icon_font_size=\u00a0\u00bb48px\u00a0\u00bb locked=\u00a0\u00bboff\u00a0\u00bb global_colors_info=\u00a0\u00bb{}\u00a0\u00bb]<\/p>\n<p>Le programme offre une salle de classe sur place, o\u00f9 les \u00e9tudiants peuvent obtenir des cr\u00e9dits en vue de leur dipl\u00f4me d&rsquo;\u00e9tudes secondaires pendant leur traitement, gr\u00e2ce \u00e0 un partenariat avec le Centre d&rsquo;\u00e9ducation M.F. McHugh.<\/p>\n<p>[\/et_pb_blurb][et_pb_blurb title=\u00a0\u00bbActivit\u00e9s enrichies\u00a0\u00bb use_icon=\u00a0\u00bbon\u00a0\u00bb font_icon=\u00a0\u00bb&#xf1fc;||fa||900&Prime; icon_color=\u00a0\u00bb#302f70&Prime; icon_placement=\u00a0\u00bbleft\u00a0\u00bb image_icon_width=\u00a0\u00bb48px\u00a0\u00bb _builder_version=\u00a0\u00bb4.18.0&Prime; header_font=\u00a0\u00bb|700|||||||\u00a0\u00bb header_text_color=\u00a0\u00bb#000000&Prime; body_text_color=\u00a0\u00bb#000000&Prime; custom_margin=\u00a0\u00bb||75px|\u00a0\u00bb icon_font_size=\u00a0\u00bb48px\u00a0\u00bb locked=\u00a0\u00bboff\u00a0\u00bb global_colors_info=\u00a0\u00bb{}\u00a0\u00bb]<\/p>\n<p>Les jeunes participent \u00e0 un large \u00e9ventail d&rsquo;activit\u00e9s allant des cours de musique \u00e0 l&rsquo;\u00e9ducation en plein air et de la peinture th\u00e9rapeutique \u00e0 la po\u00e9sie. Ils partent aussi sur une vari\u00e9t\u00e9 de voyages \u00e9ducatifs.<\/p>\n<p>[\/et_pb_blurb][\/et_pb_column][\/et_pb_row][\/et_pb_section][et_pb_section fb_built=\u00a0\u00bb1&Prime; _builder_version=\u00a0\u00bb4.17.6&Prime; _module_preset=\u00a0\u00bbdefault\u00a0\u00bb background_color=\u00a0\u00bb#33336e\u00a0\u00bb custom_margin=\u00a0\u00bb-43px|||||\u00a0\u00bb global_colors_info=\u00a0\u00bb{}\u00a0\u00bb][et_pb_row module_class=\u00a0\u00bbsfly_column_switch\u00a0\u00bb _builder_version=\u00a0\u00bb4.17.6&Prime; animation_style=\u00a0\u00bbfade\u00a0\u00bb global_colors_info=\u00a0\u00bb{}\u00a0\u00bb][et_pb_column type=\u00a0\u00bb4_4&Prime; module_class=\u00a0\u00bbcolumn1&Prime; _builder_version=\u00a0\u00bb4.16&Prime; custom_padding=\u00a0\u00bb|||\u00a0\u00bb global_colors_info=\u00a0\u00bb{}\u00a0\u00bb custom_padding__hover=\u00a0\u00bb|||\u00a0\u00bb][et_pb_testimonial author=\u00a0\u00bb- C., ancienne jeune du Centre Roberts \/ Smart\u00a0\u00bb quote_icon_color=\u00a0\u00bb#bcd239&Prime; _builder_version=\u00a0\u00bb4.18.0&Prime; _module_preset=\u00a0\u00bbdefault\u00a0\u00bb body_font=\u00a0\u00bb||on||||||\u00a0\u00bb body_text_align=\u00a0\u00bbcenter\u00a0\u00bb body_text_color=\u00a0\u00bb#FFFFFF\u00a0\u00bb body_font_size=\u00a0\u00bb25px\u00a0\u00bb author_text_align=\u00a0\u00bbcenter\u00a0\u00bb author_text_color=\u00a0\u00bb#FFFFFF\u00a0\u00bb author_font_size=\u00a0\u00bb17px\u00a0\u00bb position_text_color=\u00a0\u00bb#BFBFBF\u00a0\u00bb background_enable_color=\u00a0\u00bboff\u00a0\u00bb use_background_color=\u00a0\u00bboff\u00a0\u00bb global_colors_info=\u00a0\u00bb{}\u00a0\u00bb]<\/p>\n<p>\u00ab J&rsquo;avais 14 ans quand j&rsquo;ai \u00e9t\u00e9 plac\u00e9e au Centre Roberts\/Smart. J&rsquo;avais l&rsquo;impression que ma vie \u00e9tait au plus bas. Je me sentais d\u00e9sesp\u00e9r\u00e9e. Avec l&rsquo;aide du personnel, j&rsquo;ai pu trouver de meilleures strat\u00e9gies d&rsquo;adaptation, ce avec quoi j&rsquo;ai eu du mal. [\u2026] J&rsquo;ai recommenc\u00e9 \u00e0 me valoriser et j&rsquo;ai repris espoir.<\/p>\n<p>Depuis, je suis all\u00e9e \u00e0 l&rsquo;universit\u00e9 et je suis devenue infirmi\u00e8re auxiliaire autoris\u00e9e. Je voulais consacrer ma carri\u00e8re \u00e0 la sant\u00e9 mentale pour aider les autres comme j&rsquo;ai \u00e9t\u00e9 aid\u00e9e. Je suis mari\u00e9e \u00e0 un mari formidable et nous avons deux fils qui sont la lumi\u00e8re de notre vie. \u00bb<\/p>\n<p>[\/et_pb_testimonial][\/et_pb_column][\/et_pb_row][\/et_pb_section][et_pb_section fb_built=\u00a0\u00bb1&Prime; admin_label=\u00a0\u00bbFeature 13&Prime; module_class=\u00a0\u00bbsfly_feature sfly_feature_13&Prime; _builder_version=\u00a0\u00bb4.17.6&Prime; background_enable_image=\u00a0\u00bboff\u00a0\u00bb background_size=\u00a0\u00bbstretch\u00a0\u00bb background_position=\u00a0\u00bbbottom_left\u00a0\u00bb custom_padding=\u00a0\u00bb||47px|||\u00a0\u00bb locked=\u00a0\u00bboff\u00a0\u00bb global_colors_info=\u00a0\u00bb{}\u00a0\u00bb][et_pb_row column_structure=\u00a0\u00bb1_2,1_2&Prime; _builder_version=\u00a0\u00bb4.18.0&Prime; global_colors_info=\u00a0\u00bb{}\u00a0\u00bb][et_pb_column type=\u00a0\u00bb1_2&Prime; module_class=\u00a0\u00bbcolumn1&Prime; _builder_version=\u00a0\u00bb4.16&Prime; custom_padding=\u00a0\u00bb|||\u00a0\u00bb custom_padding_tablet=\u00a0\u00bb||50px|\u00a0\u00bb custom_padding_phone=\u00a0\u00bb\u00a0\u00bb custom_padding_last_edited=\u00a0\u00bbon|tablet\u00a0\u00bb global_colors_info=\u00a0\u00bb{}\u00a0\u00bb padding_tablet=\u00a0\u00bb||50px|\u00a0\u00bb padding_last_edited=\u00a0\u00bbon|tablet\u00a0\u00bb custom_padding__hover=\u00a0\u00bb|||\u00a0\u00bb padding_phone=\u00a0\u00bb||50px|\u00a0\u00bb][et_pb_text quote_border_weight=\u00a0\u00bb0px\u00a0\u00bb quote_border_color=\u00a0\u00bbrgba(0,0,0,0)\u00a0\u00bb _builder_version=\u00a0\u00bb4.18.0&Prime; text_font=\u00a0\u00bb||||||||\u00a0\u00bb text_text_color=\u00a0\u00bb#000000&Prime; link_font=\u00a0\u00bb||||on|||#bed437|\u00a0\u00bb link_text_color=\u00a0\u00bb#000000&Prime; quote_font=\u00a0\u00bbPlayfair Display||on||||||\u00a0\u00bb quote_text_color=\u00a0\u00bb#000000&Prime; quote_line_height=\u00a0\u00bb1.3em\u00a0\u00bb header_font=\u00a0\u00bb|700|||||||\u00a0\u00bb header_2_font=\u00a0\u00bb|700|||||||\u00a0\u00bb header_2_text_color=\u00a0\u00bb#000000&Prime; header_2_font_size=\u00a0\u00bb27px\u00a0\u00bb header_3_font=\u00a0\u00bb|700|||||||\u00a0\u00bb header_3_text_color=\u00a0\u00bb#000000&Prime; header_4_letter_spacing=\u00a0\u00bb12px\u00a0\u00bb header_5_font=\u00a0\u00bb|300|||||||\u00a0\u00bb header_5_text_color=\u00a0\u00bb#bfbfbf\u00a0\u00bb header_5_letter_spacing=\u00a0\u00bb12px\u00a0\u00bb header_6_font=\u00a0\u00bb|700|||||||\u00a0\u00bb header_6_letter_spacing=\u00a0\u00bb12px\u00a0\u00bb background_layout=\u00a0\u00bbdark\u00a0\u00bb module_alignment=\u00a0\u00bbleft\u00a0\u00bb custom_margin_tablet=\u00a0\u00bb\u00a0\u00bb custom_margin_phone=\u00a0\u00bb\u00a0\u00bb custom_margin_last_edited=\u00a0\u00bbon|tablet\u00a0\u00bb custom_padding=\u00a0\u00bb0px|||||\u00a0\u00bb quote_font_size_tablet=\u00a0\u00bb\u00a0\u00bb quote_font_size_phone=\u00a0\u00bb\u00a0\u00bb quote_font_size_last_edited=\u00a0\u00bbon|desktop\u00a0\u00bb saved_tabs=\u00a0\u00bball\u00a0\u00bb locked=\u00a0\u00bboff\u00a0\u00bb global_colors_info=\u00a0\u00bb{}\u00a0\u00bb]<\/p>\n<h2>Le traitement en milieu ferm\u00e9 est-il fait pour vous ou pour un jeune que vous connaissez ?<\/h2>\n<p>Nous acceptons les applications des jeunes \u00e2g\u00e9s de 12 \u00e0 17 ans qui \u00e9prouvent des probl\u00e8mes importants de fonctionnement dans un ou plusieurs domaines de la vie : personnel, familial, scolaire et communautaire.<br \/>L&rsquo;admission au Programme de traitement en milieu ferm\u00e9 n\u00e9cessite qu&rsquo;une demande soit pr\u00e9sent\u00e9e \u00e0 la Cour provinciale en vertu de la \u00ab Partie VII \u2013 Mesures extraordinaires \u00bb de la <em><a href=\"https:\/\/www.ontario.ca\/laws\/statute\/17c14#BK219\">Loi sur les services \u00e0 l&rsquo;enfance, \u00e0 la jeunesse et \u00e0 la famille<\/a>.<\/em><\/p>\n<p>[\/et_pb_text][\/et_pb_column][et_pb_column type=\u00a0\u00bb1_2&Prime; module_class=\u00a0\u00bbcolumn2&Prime; _builder_version=\u00a0\u00bb4.16&Prime; custom_padding=\u00a0\u00bb|||\u00a0\u00bb global_colors_info=\u00a0\u00bb{}\u00a0\u00bb custom_padding__hover=\u00a0\u00bb|||\u00a0\u00bb][et_pb_text _builder_version=\u00a0\u00bb4.18.0&Prime; _module_preset=\u00a0\u00bbdefault\u00a0\u00bb text_font=\u00a0\u00bb||||||||\u00a0\u00bb text_text_color=\u00a0\u00bb#000000&Prime; text_font_size=\u00a0\u00bb17px\u00a0\u00bb header_text_color=\u00a0\u00bb#000000&Prime; header_4_font=\u00a0\u00bb|600|||||||\u00a0\u00bb header_4_text_color=\u00a0\u00bb#000000&Prime; header_4_font_size=\u00a0\u00bb19px\u00a0\u00bb header_4_letter_spacing=\u00a0\u00bb1px\u00a0\u00bb global_colors_info=\u00a0\u00bb{}\u00a0\u00bb]<\/p>\n<h4><strong>Le traitement au Centre exige que le jeune :<\/strong><\/h4>\n<ul>\n<li>Soit ind\u00e9pendant avec une hygi\u00e8ne de base.<\/li>\n<li>S&rsquo;engage dans une communication r\u00e9ciproque, comprend les directives en plusieurs \u00e9tapes et a des capacit\u00e9s de r\u00e9flexion.<\/li>\n<li>D\u00e9montre la capacit\u00e9 de vivre en groupe avec une modification sensorielle limit\u00e9e.<\/li>\n<\/ul>\n<p>[\/et_pb_text][\/et_pb_column][\/et_pb_row][\/et_pb_section][et_pb_section fb_built=\u00a0\u00bb1&Prime; admin_label=\u00a0\u00bbCTA 3&Prime; module_class=\u00a0\u00bbsfly_cta sfly_cta_3&Prime; _builder_version=\u00a0\u00bb4.16&Prime; locked=\u00a0\u00bboff\u00a0\u00bb global_colors_info=\u00a0\u00bb{}\u00a0\u00bb][et_pb_row _builder_version=\u00a0\u00bb4.16&Prime; global_colors_info=\u00a0\u00bb{}\u00a0\u00bb][et_pb_column type=\u00a0\u00bb4_4&Prime; _builder_version=\u00a0\u00bb4.16&Prime; custom_padding=\u00a0\u00bb|||\u00a0\u00bb global_colors_info=\u00a0\u00bb{}\u00a0\u00bb custom_padding__hover=\u00a0\u00bb|||\u00a0\u00bb][et_pb_text _builder_version=\u00a0\u00bb4.18.0&Prime; text_font=\u00a0\u00bb||||||||\u00a0\u00bb header_font=\u00a0\u00bb||||||||\u00a0\u00bb header_3_font=\u00a0\u00bb|700|||||||\u00a0\u00bb text_orientation=\u00a0\u00bbcenter\u00a0\u00bb max_width=\u00a0\u00bb600px\u00a0\u00bb module_alignment=\u00a0\u00bbcenter\u00a0\u00bb animation_style=\u00a0\u00bbfade\u00a0\u00bb locked=\u00a0\u00bboff\u00a0\u00bb global_colors_info=\u00a0\u00bb{}\u00a0\u00bb]<\/p>\n<h3>Admissions<\/h3>\n<p>Pour faire une demande d&rsquo;admission au traitement en milieu ferm\u00e9 ou pour plus d&rsquo;informations, contactez notre \u00e9quipe d&rsquo;accueil d\u00e8s maintenant.<\/p>\n<p>[\/et_pb_text][et_pb_button button_url=\u00a0\u00bbhttps:\/\/www.robertssmartcentre.com\/fr\/contact\/\u00a0\u00bb url_new_window=\u00a0\u00bbon\u00a0\u00bb button_text=\u00a0\u00bbContactez-nous\u00a0\u00bb button_alignment=\u00a0\u00bbcenter\u00a0\u00bb _builder_version=\u00a0\u00bb4.18.0&Prime; custom_button=\u00a0\u00bbon\u00a0\u00bb button_bg_color=\u00a0\u00bb#302f70&Prime; button_border_width=\u00a0\u00bb2px\u00a0\u00bb button_border_color=\u00a0\u00bb#302f70&Prime; button_border_radius=\u00a0\u00bb7px\u00a0\u00bb button_font=\u00a0\u00bbAnton||||||||\u00a0\u00bb button_icon=\u00a0\u00bb&#xe089;||divi||400&Prime; button_icon_color=\u00a0\u00bb#ff6b6b\u00a0\u00bb custom_margin=\u00a0\u00bb-11px|||||\u00a0\u00bb custom_padding=\u00a0\u00bb8px|36px|8px|36px|true|true\u00a0\u00bb animation_style=\u00a0\u00bbfade\u00a0\u00bb locked=\u00a0\u00bboff\u00a0\u00bb global_colors_info=\u00a0\u00bb{}\u00a0\u00bb button_text_size__hover_enabled=\u00a0\u00bboff\u00a0\u00bb button_one_text_size__hover_enabled=\u00a0\u00bboff\u00a0\u00bb button_two_text_size__hover_enabled=\u00a0\u00bboff\u00a0\u00bb button_text_color__hover_enabled=\u00a0\u00bbon|desktop\u00a0\u00bb button_one_text_color__hover_enabled=\u00a0\u00bboff\u00a0\u00bb button_two_text_color__hover_enabled=\u00a0\u00bboff\u00a0\u00bb button_border_width__hover_enabled=\u00a0\u00bboff\u00a0\u00bb button_one_border_width__hover_enabled=\u00a0\u00bboff\u00a0\u00bb button_two_border_width__hover_enabled=\u00a0\u00bboff\u00a0\u00bb button_border_color__hover_enabled=\u00a0\u00bbon|desktop\u00a0\u00bb button_one_border_color__hover_enabled=\u00a0\u00bboff\u00a0\u00bb button_two_border_color__hover_enabled=\u00a0\u00bboff\u00a0\u00bb button_border_radius__hover_enabled=\u00a0\u00bboff\u00a0\u00bb button_one_border_radius__hover_enabled=\u00a0\u00bboff\u00a0\u00bb button_two_border_radius__hover_enabled=\u00a0\u00bboff\u00a0\u00bb button_letter_spacing__hover_enabled=\u00a0\u00bboff\u00a0\u00bb button_one_letter_spacing__hover_enabled=\u00a0\u00bboff\u00a0\u00bb button_two_letter_spacing__hover_enabled=\u00a0\u00bboff\u00a0\u00bb button_bg_color__hover_enabled=\u00a0\u00bbon|hover\u00a0\u00bb button_one_bg_color__hover_enabled=\u00a0\u00bboff\u00a0\u00bb button_two_bg_color__hover_enabled=\u00a0\u00bboff\u00a0\u00bb button_bg_color__hover=\u00a0\u00bb#FFFFFF\u00a0\u00bb button_text_color__hover=\u00a0\u00bb#302f70&Prime; button_border_color__hover=\u00a0\u00bb#302f70&Prime;][\/et_pb_button][\/et_pb_column][\/et_pb_row][\/et_pb_section][et_pb_section fb_built=\u00a0\u00bb1&Prime; admin_label=\u00a0\u00bbFeature 5&Prime; module_class=\u00a0\u00bbsfly_feature sfly_feature_5&Prime; _builder_version=\u00a0\u00bb4.16&Prime; background_color=\u00a0\u00bb#000000&Prime; custom_padding=\u00a0\u00bb0px||0px||true\u00a0\u00bb locked=\u00a0\u00bboff\u00a0\u00bb global_colors_info=\u00a0\u00bb{}\u00a0\u00bb][et_pb_row column_structure=\u00a0\u00bb1_3,1_3,1_3&Prime; use_custom_gutter=\u00a0\u00bbon\u00a0\u00bb gutter_width=\u00a0\u00bb1&Prime; make_equal=\u00a0\u00bbon\u00a0\u00bb padding_top_bottom_link_1=\u00a0\u00bbtrue\u00a0\u00bb padding_top_bottom_link_2=\u00a0\u00bbtrue\u00a0\u00bb padding_top_bottom_link_3=\u00a0\u00bbtrue\u00a0\u00bb padding_left_right_link_1=\u00a0\u00bbtrue\u00a0\u00bb padding_left_right_link_2=\u00a0\u00bbtrue\u00a0\u00bb padding_left_right_link_3=\u00a0\u00bbtrue\u00a0\u00bb module_class=\u00a0\u00bb et_pb_row_fullwidth\u00a0\u00bb _builder_version=\u00a0\u00bb4.17.6&Prime; width=\u00a0\u00bb100%\u00a0\u00bb width_tablet=\u00a0\u00bb100%\u00a0\u00bb width_phone=\u00a0\u00bb\u00a0\u00bb width_last_edited=\u00a0\u00bbon|desktop\u00a0\u00bb max_width=\u00a0\u00bb100%\u00a0\u00bb max_width_tablet=\u00a0\u00bb100%\u00a0\u00bb max_width_phone=\u00a0\u00bb\u00a0\u00bb max_width_last_edited=\u00a0\u00bbon|desktop\u00a0\u00bb custom_padding=\u00a0\u00bb0px||0px||true\u00a0\u00bb make_fullwidth=\u00a0\u00bbon\u00a0\u00bb global_colors_info=\u00a0\u00bb{}\u00a0\u00bb][et_pb_column type=\u00a0\u00bb1_3&Prime; module_class=\u00a0\u00bbsfly_black_overlay\u00a0\u00bb _builder_version=\u00a0\u00bb4.17.6&Prime; background_color=\u00a0\u00bbrgba(48,47,112,0.89)\u00a0\u00bb background_enable_image=\u00a0\u00bboff\u00a0\u00bb parallax=\u00a0\u00bbon\u00a0\u00bb custom_padding=\u00a0\u00bb15%|5%|15%|5%\u00a0\u00bb custom_padding_tablet=\u00a0\u00bb\u00a0\u00bb custom_padding_phone=\u00a0\u00bb33%||33%||true\u00a0\u00bb custom_padding_last_edited=\u00a0\u00bbon|phone\u00a0\u00bb box_shadow_style=\u00a0\u00bbpreset6&Prime; box_shadow_blur=\u00a0\u00bb80px\u00a0\u00bb box_shadow_color=\u00a0\u00bbrgba(0,0,0,0.33)\u00a0\u00bb global_colors_info=\u00a0\u00bb{}\u00a0\u00bb padding_phone=\u00a0\u00bb33%||33%||true\u00a0\u00bb padding_last_edited=\u00a0\u00bbon|phone\u00a0\u00bb custom_padding__hover=\u00a0\u00bb|||\u00a0\u00bb][et_pb_blurb title=\u00a0\u00bbNotre philosophie de traitement\u00a0\u00bb use_icon=\u00a0\u00bbon\u00a0\u00bb font_icon=\u00a0\u00bb&#xe064;||fa||900&Prime; icon_color=\u00a0\u00bb#ffffff\u00a0\u00bb image_icon_width=\u00a0\u00bb60px\u00a0\u00bb content_max_width=\u00a0\u00bb300px\u00a0\u00bb _builder_version=\u00a0\u00bb4.18.0&Prime; header_font=\u00a0\u00bb|700|||||||\u00a0\u00bb text_orientation=\u00a0\u00bbcenter\u00a0\u00bb background_layout=\u00a0\u00bbdark\u00a0\u00bb animation_style=\u00a0\u00bbfade\u00a0\u00bb icon_font_size=\u00a0\u00bb60px\u00a0\u00bb global_colors_info=\u00a0\u00bb{}\u00a0\u00bb]<\/p>\n<p>Notre approche au traitement de la sant\u00e9 mentale est bas\u00e9e sur les forces, inform\u00e9e sur les traumatismes et centr\u00e9e sur la personne. Nous aidons les jeunes \u00e0 se r\u00e9tablir et \u00e0 gu\u00e9rir par le traitement, l&rsquo;\u00e9ducation et le d\u00e9veloppement des comp\u00e9tences de vie.<\/p>\n<p>[\/et_pb_blurb][\/et_pb_column][et_pb_column type=\u00a0\u00bb1_3&Prime; module_class=\u00a0\u00bbsfly_dark_overlay\u00a0\u00bb _builder_version=\u00a0\u00bb4.17.6&Prime; background_color=\u00a0\u00bb#302f70&Prime; background_enable_image=\u00a0\u00bboff\u00a0\u00bb parallax=\u00a0\u00bbon\u00a0\u00bb custom_padding=\u00a0\u00bb15%|5%|15%|5%\u00a0\u00bb custom_padding_tablet=\u00a0\u00bb\u00a0\u00bb custom_padding_phone=\u00a0\u00bb33%||33%||true\u00a0\u00bb custom_padding_last_edited=\u00a0\u00bbon|phone\u00a0\u00bb box_shadow_style=\u00a0\u00bbpreset6&Prime; box_shadow_blur=\u00a0\u00bb80px\u00a0\u00bb box_shadow_color=\u00a0\u00bbrgba(0,0,0,0.33)\u00a0\u00bb global_colors_info=\u00a0\u00bb{}\u00a0\u00bb padding_phone=\u00a0\u00bb33%||33%||true\u00a0\u00bb padding_last_edited=\u00a0\u00bbon|phone\u00a0\u00bb custom_padding__hover=\u00a0\u00bb|||\u00a0\u00bb][et_pb_blurb title=\u00a0\u00bbR\u00e9int\u00e9gration Communautaire\u00a0\u00bb use_icon=\u00a0\u00bbon\u00a0\u00bb font_icon=\u00a0\u00bb&#xe0fd;||divi||400&Prime; icon_color=\u00a0\u00bb#ffffff\u00a0\u00bb image_icon_width=\u00a0\u00bb60px\u00a0\u00bb content_max_width=\u00a0\u00bb300px\u00a0\u00bb _builder_version=\u00a0\u00bb4.18.0&Prime; header_font=\u00a0\u00bb|700|||||||\u00a0\u00bb text_orientation=\u00a0\u00bbcenter\u00a0\u00bb background_layout=\u00a0\u00bbdark\u00a0\u00bb animation_style=\u00a0\u00bbfade\u00a0\u00bb animation_delay=\u00a0\u00bb500ms\u00a0\u00bb icon_font_size=\u00a0\u00bb60px\u00a0\u00bb locked=\u00a0\u00bboff\u00a0\u00bb global_colors_info=\u00a0\u00bb{}\u00a0\u00bb]<\/p>\n<p>Le Centre travaille avec les jeunes pour faciliter leur transition vers leur famille et leur communaut\u00e9.\u00a0<\/p>\n<p>[\/et_pb_blurb][\/et_pb_column][et_pb_column type=\u00a0\u00bb1_3&Prime; _builder_version=\u00a0\u00bb4.17.6&Prime; background_color=\u00a0\u00bb#302f70&Prime; background_enable_image=\u00a0\u00bboff\u00a0\u00bb parallax=\u00a0\u00bbon\u00a0\u00bb custom_padding=\u00a0\u00bb15%|5%|15%|5%\u00a0\u00bb custom_padding_tablet=\u00a0\u00bb\u00a0\u00bb custom_padding_phone=\u00a0\u00bb33%||33%||true\u00a0\u00bb custom_padding_last_edited=\u00a0\u00bbon|phone\u00a0\u00bb box_shadow_style=\u00a0\u00bbpreset6&Prime; box_shadow_blur=\u00a0\u00bb80px\u00a0\u00bb box_shadow_color=\u00a0\u00bbrgba(0,0,0,0.33)\u00a0\u00bb global_colors_info=\u00a0\u00bb{}\u00a0\u00bb padding_phone=\u00a0\u00bb33%||33%||true\u00a0\u00bb padding_last_edited=\u00a0\u00bbon|phone\u00a0\u00bb custom_padding__hover=\u00a0\u00bb|||\u00a0\u00bb][et_pb_blurb title=\u00a0\u00bbTraitement avec h\u00e9bergement\u00a0\u00bb use_icon=\u00a0\u00bbon\u00a0\u00bb font_icon=\u00a0\u00bb&#xe065;||fa||900&Prime; icon_color=\u00a0\u00bb#ffffff\u00a0\u00bb image_icon_width=\u00a0\u00bb60px\u00a0\u00bb content_max_width=\u00a0\u00bb300px\u00a0\u00bb _builder_version=\u00a0\u00bb4.18.0&Prime; header_font=\u00a0\u00bb|700|||||||\u00a0\u00bb text_orientation=\u00a0\u00bbcenter\u00a0\u00bb background_layout=\u00a0\u00bbdark\u00a0\u00bb animation_style=\u00a0\u00bbfade\u00a0\u00bb animation_delay=\u00a0\u00bb1000ms\u00a0\u00bb icon_font_size=\u00a0\u00bb60px\u00a0\u00bb locked=\u00a0\u00bboff\u00a0\u00bb global_colors_info=\u00a0\u00bb{}\u00a0\u00bb]<\/p>\n<p>Le Centre g\u00e8re \u00e9galement deux programmes de traitement avec h\u00e9bergement dans des foyers urbains \u00e0 Ottawa. Ils offrent des soins aux jeunes qui ont besoin de traitement et de soutien 24 heures sur 24.<\/p>\n<p>[\/et_pb_blurb][et_pb_button button_url=\u00a0\u00bbhttps:\/\/www.robertssmartcentre.com\/fr\/ce-que-nous-faisons\/ouvrir-live-in\/\u00a0\u00bb button_text=\u00a0\u00bbEn savoir Plus\u00a0\u00bb button_alignment=\u00a0\u00bbcenter\u00a0\u00bb _builder_version=\u00a0\u00bb4.18.0&Prime; custom_button=\u00a0\u00bbon\u00a0\u00bb button_text_size=\u00a0\u00bb14px\u00a0\u00bb button_text_color=\u00a0\u00bb#312f71&Prime; button_bg_color=\u00a0\u00bb#FFFFFF\u00a0\u00bb button_border_width=\u00a0\u00bb1px\u00a0\u00bb button_border_color=\u00a0\u00bb#ffffff\u00a0\u00bb button_border_radius=\u00a0\u00bb7px\u00a0\u00bb button_font=\u00a0\u00bb|700|||||||\u00a0\u00bb button_use_icon=\u00a0\u00bboff\u00a0\u00bb custom_margin=\u00a0\u00bb30px||||false\u00a0\u00bb custom_padding=\u00a0\u00bb6px|24px|6px|24px|true|true\u00a0\u00bb animation_style=\u00a0\u00bbfade\u00a0\u00bb button_text_color_hover=\u00a0\u00bb#000000&Prime; button_border_color_hover=\u00a0\u00bb#ffffff\u00a0\u00bb button_bg_color_hover=\u00a0\u00bb#ffffff\u00a0\u00bb locked=\u00a0\u00bboff\u00a0\u00bb global_colors_info=\u00a0\u00bb{}\u00a0\u00bb button_text_size__hover_enabled=\u00a0\u00bboff\u00a0\u00bb button_one_text_size__hover_enabled=\u00a0\u00bboff\u00a0\u00bb button_two_text_size__hover_enabled=\u00a0\u00bboff\u00a0\u00bb button_text_color__hover_enabled=\u00a0\u00bbon|desktop\u00a0\u00bb button_text_color__hover=\u00a0\u00bb#000000&Prime; button_one_text_color__hover_enabled=\u00a0\u00bboff\u00a0\u00bb button_two_text_color__hover_enabled=\u00a0\u00bboff\u00a0\u00bb button_border_width__hover_enabled=\u00a0\u00bboff\u00a0\u00bb button_one_border_width__hover_enabled=\u00a0\u00bboff\u00a0\u00bb button_two_border_width__hover_enabled=\u00a0\u00bboff\u00a0\u00bb button_border_color__hover_enabled=\u00a0\u00bbon\u00a0\u00bb button_border_color__hover=\u00a0\u00bb#ffffff\u00a0\u00bb button_one_border_color__hover_enabled=\u00a0\u00bboff\u00a0\u00bb button_two_border_color__hover_enabled=\u00a0\u00bboff\u00a0\u00bb button_border_radius__hover_enabled=\u00a0\u00bboff\u00a0\u00bb button_one_border_radius__hover_enabled=\u00a0\u00bboff\u00a0\u00bb button_two_border_radius__hover_enabled=\u00a0\u00bboff\u00a0\u00bb button_letter_spacing__hover_enabled=\u00a0\u00bboff\u00a0\u00bb button_one_letter_spacing__hover_enabled=\u00a0\u00bboff\u00a0\u00bb button_two_letter_spacing__hover_enabled=\u00a0\u00bboff\u00a0\u00bb button_bg_color__hover_enabled=\u00a0\u00bbon|hover\u00a0\u00bb button_bg_color__hover=\u00a0\u00bb#FFFFFF\u00a0\u00bb button_one_bg_color__hover_enabled=\u00a0\u00bboff\u00a0\u00bb button_two_bg_color__hover_enabled=\u00a0\u00bboff\u00a0\u00bb][\/et_pb_button][\/et_pb_column][\/et_pb_row][\/et_pb_section]<\/p>\n","protected":false},"excerpt":{"rendered":"<p>La vie au traitement en milieu ferm\u00e9 Notre programme de traitement en milieu ferm\u00e9 est une option de traitement intensif en r\u00e9sidence pour les jeunes de 12 \u00e0 18 ans aux prises avec des probl\u00e8mes complexes de sant\u00e9 mentale et de comportement, et qui ont d\u00e9montr\u00e9 qu\u2019ils repr\u00e9sentent un danger pour eux-m\u00eames ou pour les [&hellip;]<\/p>\n","protected":false},"author":14,"featured_media":0,"parent":100882,"menu_order":0,"comment_status":"closed","ping_status":"closed","template":"","meta":{"_et_pb_use_builder":"on","_et_pb_old_content":"","_et_gb_content_width":"","inline_featured_image":false,"footnotes":""},"class_list":["post-100898","page","type-page","status-publish","hentry"],"yoast_head":"<!-- This site is optimized with the Yoast SEO plugin v27.4 - https:\/\/yoast.com\/product\/yoast-seo-wordpress\/ -->\n<title>Traitement s\u00e9curis\u00e9 - Roberts Smart Centre<\/title>\n<meta name=\"robots\" content=\"index, follow, max-snippet:-1, max-image-preview:large, max-video-preview:-1\" \/>\n<link rel=\"canonical\" href=\"https:\/\/www.robertssmartcentre.com\/fr\/ce-que-nous-faisons\/traitement-securise\/\" \/>\n<meta property=\"og:locale\" content=\"fr_FR\" \/>\n<meta property=\"og:type\" content=\"article\" \/>\n<meta property=\"og:title\" content=\"Traitement s\u00e9curis\u00e9 - Roberts Smart Centre\" \/>\n<meta property=\"og:description\" content=\"La vie au traitement en milieu ferm\u00e9 Notre programme de traitement en milieu ferm\u00e9 est une option de traitement intensif en r\u00e9sidence pour les jeunes de 12 \u00e0 18 ans aux prises avec des probl\u00e8mes complexes de sant\u00e9 mentale et de comportement, et qui ont d\u00e9montr\u00e9 qu\u2019ils repr\u00e9sentent un danger pour eux-m\u00eames ou pour les [&hellip;]\" \/>\n<meta property=\"og:url\" content=\"https:\/\/www.robertssmartcentre.com\/fr\/ce-que-nous-faisons\/traitement-securise\/\" \/>\n<meta property=\"og:site_name\" content=\"Roberts Smart Centre\" \/>\n<meta property=\"article:modified_time\" content=\"2022-09-21T17:37:44+00:00\" \/>\n<meta name=\"twitter:card\" content=\"summary_large_image\" \/>\n<meta name=\"twitter:label1\" content=\"Dur\u00e9e de lecture estim\u00e9e\" \/>\n\t<meta name=\"twitter:data1\" content=\"14 minutes\" \/>\n<script type=\"application\/ld+json\" class=\"yoast-schema-graph\">{\"@context\":\"https:\\\/\\\/schema.org\",\"@graph\":[{\"@type\":\"WebPage\",\"@id\":\"https:\\\/\\\/www.robertssmartcentre.com\\\/fr\\\/ce-que-nous-faisons\\\/traitement-securise\\\/\",\"url\":\"https:\\\/\\\/www.robertssmartcentre.com\\\/fr\\\/ce-que-nous-faisons\\\/traitement-securise\\\/\",\"name\":\"Traitement s\u00e9curis\u00e9 - Roberts Smart Centre\",\"isPartOf\":{\"@id\":\"https:\\\/\\\/www.robertssmartcentre.com\\\/#website\"},\"datePublished\":\"2022-08-11T12:21:41+00:00\",\"dateModified\":\"2022-09-21T17:37:44+00:00\",\"breadcrumb\":{\"@id\":\"https:\\\/\\\/www.robertssmartcentre.com\\\/fr\\\/ce-que-nous-faisons\\\/traitement-securise\\\/#breadcrumb\"},\"inLanguage\":\"fr-FR\",\"potentialAction\":[{\"@type\":\"ReadAction\",\"target\":[\"https:\\\/\\\/www.robertssmartcentre.com\\\/fr\\\/ce-que-nous-faisons\\\/traitement-securise\\\/\"]}]},{\"@type\":\"BreadcrumbList\",\"@id\":\"https:\\\/\\\/www.robertssmartcentre.com\\\/fr\\\/ce-que-nous-faisons\\\/traitement-securise\\\/#breadcrumb\",\"itemListElement\":[{\"@type\":\"ListItem\",\"position\":1,\"name\":\"Home\",\"item\":\"https:\\\/\\\/www.robertssmartcentre.com\\\/fr\\\/\"},{\"@type\":\"ListItem\",\"position\":2,\"name\":\"Ce que nous faisons\",\"item\":\"https:\\\/\\\/www.robertssmartcentre.com\\\/fr\\\/ce-que-nous-faisons\\\/\"},{\"@type\":\"ListItem\",\"position\":3,\"name\":\"Traitement s\u00e9curis\u00e9\"}]},{\"@type\":\"WebSite\",\"@id\":\"https:\\\/\\\/www.robertssmartcentre.com\\\/#website\",\"url\":\"https:\\\/\\\/www.robertssmartcentre.com\\\/\",\"name\":\"Roberts Smart Centre\",\"description\":\"Empowering youth, families, and communities\",\"potentialAction\":[{\"@type\":\"SearchAction\",\"target\":{\"@type\":\"EntryPoint\",\"urlTemplate\":\"https:\\\/\\\/www.robertssmartcentre.com\\\/?s={search_term_string}\"},\"query-input\":{\"@type\":\"PropertyValueSpecification\",\"valueRequired\":true,\"valueName\":\"search_term_string\"}}],\"inLanguage\":\"fr-FR\"}]}<\/script>\n<!-- \/ Yoast SEO plugin. -->","yoast_head_json":{"title":"Traitement s\u00e9curis\u00e9 - Roberts Smart Centre","robots":{"index":"index","follow":"follow","max-snippet":"max-snippet:-1","max-image-preview":"max-image-preview:large","max-video-preview":"max-video-preview:-1"},"canonical":"https:\/\/www.robertssmartcentre.com\/fr\/ce-que-nous-faisons\/traitement-securise\/","og_locale":"fr_FR","og_type":"article","og_title":"Traitement s\u00e9curis\u00e9 - Roberts Smart Centre","og_description":"La vie au traitement en milieu ferm\u00e9 Notre programme de traitement en milieu ferm\u00e9 est une option de traitement intensif en r\u00e9sidence pour les jeunes de 12 \u00e0 18 ans aux prises avec des probl\u00e8mes complexes de sant\u00e9 mentale et de comportement, et qui ont d\u00e9montr\u00e9 qu\u2019ils repr\u00e9sentent un danger pour eux-m\u00eames ou pour les [&hellip;]","og_url":"https:\/\/www.robertssmartcentre.com\/fr\/ce-que-nous-faisons\/traitement-securise\/","og_site_name":"Roberts Smart Centre","article_modified_time":"2022-09-21T17:37:44+00:00","twitter_card":"summary_large_image","twitter_misc":{"Dur\u00e9e de lecture estim\u00e9e":"14 minutes"},"schema":{"@context":"https:\/\/schema.org","@graph":[{"@type":"WebPage","@id":"https:\/\/www.robertssmartcentre.com\/fr\/ce-que-nous-faisons\/traitement-securise\/","url":"https:\/\/www.robertssmartcentre.com\/fr\/ce-que-nous-faisons\/traitement-securise\/","name":"Traitement s\u00e9curis\u00e9 - Roberts Smart Centre","isPartOf":{"@id":"https:\/\/www.robertssmartcentre.com\/#website"},"datePublished":"2022-08-11T12:21:41+00:00","dateModified":"2022-09-21T17:37:44+00:00","breadcrumb":{"@id":"https:\/\/www.robertssmartcentre.com\/fr\/ce-que-nous-faisons\/traitement-securise\/#breadcrumb"},"inLanguage":"fr-FR","potentialAction":[{"@type":"ReadAction","target":["https:\/\/www.robertssmartcentre.com\/fr\/ce-que-nous-faisons\/traitement-securise\/"]}]},{"@type":"BreadcrumbList","@id":"https:\/\/www.robertssmartcentre.com\/fr\/ce-que-nous-faisons\/traitement-securise\/#breadcrumb","itemListElement":[{"@type":"ListItem","position":1,"name":"Home","item":"https:\/\/www.robertssmartcentre.com\/fr\/"},{"@type":"ListItem","position":2,"name":"Ce que nous faisons","item":"https:\/\/www.robertssmartcentre.com\/fr\/ce-que-nous-faisons\/"},{"@type":"ListItem","position":3,"name":"Traitement s\u00e9curis\u00e9"}]},{"@type":"WebSite","@id":"https:\/\/www.robertssmartcentre.com\/#website","url":"https:\/\/www.robertssmartcentre.com\/","name":"Roberts Smart Centre","description":"Empowering youth, families, and communities","potentialAction":[{"@type":"SearchAction","target":{"@type":"EntryPoint","urlTemplate":"https:\/\/www.robertssmartcentre.com\/?s={search_term_string}"},"query-input":{"@type":"PropertyValueSpecification","valueRequired":true,"valueName":"search_term_string"}}],"inLanguage":"fr-FR"}]}},"_links":{"self":[{"href":"https:\/\/www.robertssmartcentre.com\/fr\/wp-json\/wp\/v2\/pages\/100898","targetHints":{"allow":["GET"]}}],"collection":[{"href":"https:\/\/www.robertssmartcentre.com\/fr\/wp-json\/wp\/v2\/pages"}],"about":[{"href":"https:\/\/www.robertssmartcentre.com\/fr\/wp-json\/wp\/v2\/types\/page"}],"author":[{"embeddable":true,"href":"https:\/\/www.robertssmartcentre.com\/fr\/wp-json\/wp\/v2\/users\/14"}],"replies":[{"embeddable":true,"href":"https:\/\/www.robertssmartcentre.com\/fr\/wp-json\/wp\/v2\/comments?post=100898"}],"version-history":[{"count":17,"href":"https:\/\/www.robertssmartcentre.com\/fr\/wp-json\/wp\/v2\/pages\/100898\/revisions"}],"predecessor-version":[{"id":101773,"href":"https:\/\/www.robertssmartcentre.com\/fr\/wp-json\/wp\/v2\/pages\/100898\/revisions\/101773"}],"up":[{"embeddable":true,"href":"https:\/\/www.robertssmartcentre.com\/fr\/wp-json\/wp\/v2\/pages\/100882"}],"wp:attachment":[{"href":"https:\/\/www.robertssmartcentre.com\/fr\/wp-json\/wp\/v2\/media?parent=100898"}],"curies":[{"name":"wp","href":"https:\/\/api.w.org\/{rel}","templated":true}]}}